{"id":329,"date":"2024-06-24T11:21:01","date_gmt":"2024-06-24T09:21:01","guid":{"rendered":"https:\/\/acelproductions.com\/?page_id=329"},"modified":"2026-04-03T17:55:27","modified_gmt":"2026-04-03T15:55:27","slug":"les-nouveautes-du-site","status":"publish","type":"page","link":"https:\/\/acelproductions.com\/index.php\/les-nouveautes-du-site\/","title":{"rendered":"Les nouveaut\u00e9s du site"},"content":{"rendered":"\n<p>le 03\/04\/2026 \/ une page consacr\u00e9e \u00e0 <em>Concert Rennes 2002<\/em> du quartet de Christian avec une chronique de ce m\u00eame enregistrement parue sur Citizen Jazz, une chronique de <em>Northern Rhapsody<\/em> de l&rsquo;Eishan Ensemble et de son concert du 2 octobre 2025 parue dans Rythmes Crois\u00e9s.<\/p>\n\n\n\n<p>le 20\/12\/2025 \/ deux pages consacr\u00e9es aux concerts d&rsquo;Elima Trio des 14\/11 et 7\/12 accessibles \u00e0 partir de la page Galerie.<\/p>\n\n\n\n<p>le 26\/10\/2025 \/ une page consacr\u00e9e au nouveau CD de Bernard Jean, une page consacr\u00e9e au nouveau CD de St\u00e9phane de G\u00e9rando Morphilude, un acc\u00e8s au livret des \u00c2mes Caboss\u00e9es de Robert Lanfrance \u00e0 partir de la page d\u00e9di\u00e9e \u00e0 son CD, accessibles \u00e0 partir de la page Label, un page consacr\u00e9e \u00e0 Matteo Cesari, des liens vers le site de Leila Olivesi et celui de Fee Aaij.<\/p>\n\n\n\n<p>le 04\/10\/2025 \/ un page consacr\u00e9e au concert d&rsquo;Ad Vitam au Th\u00e9\u00e2tre Aleph le 21 f\u00e9vrier 2025, deux pages consacr\u00e9es aux concerts d&rsquo;Elima Trio \u00e0 Locmariaquer (23\/8) et\u00e0 son passage au Triton (13\/9) accessibles \u00e0 partir de la page Galerie, deux pages consacr\u00e9es \u00e0 Elima Trio et \u00e0 l&rsquo;Eishan Ensemble accessibles \u00e0 partir du bouton Musiciens, un page consacr\u00e9e \u00e0 <em>Live Concert<\/em> de Maurice Clerc accessible \u00e0 partir de la page Label<\/p>\n\n\n\n<p>le 01\/09\/2025 \/ Cr\u00e9ation des pages musiciens consacr\u00e9es \u00e0 G\u00e9rard Pape et \u00e0 l&rsquo;Eishan Ensemble, de pages consacr\u00e9es aux CD <em>Rencontres Electrique<\/em> et <em>Hangosh<\/em>, d&rsquo;une page consacr\u00e9e au concert d&rsquo;Elima trio \u00e0 Locmariaquer, ajout de photos du concert de Spoke Trio au Th\u00e9\u00e2tre Aleph en janvier 2025.<\/p>\n\n\n\n<p>le 09\/08\/2025 \/ Acc\u00e8s direct aux pages musiciens \u00e0 partir du bandeau, ajout d&rsquo;une page Elima Trio, ajout d&rsquo;une nouvelle page consacr\u00e9e \u00e0 <em>Northern Rhapsody<\/em> de l&rsquo;Eishan Ensemble (Hamed Sadeghi), lien vers une vid\u00e9o promotionnelle du prochain vinyl de Bernard Jean dans la page Agenda et Nouvelles.<\/p>\n\n\n\n<p>le 18\/07\/2025 \/ Deux nouvelles pages consacr\u00e9es \u00e0 <em>Portrait of a Lady<\/em> de Marijke Jaehrling et \u00e0 <em>Le grand troupeau<\/em> de Christine Bretonnier et Christophe Alzetto accessibles \u00e0 partir de la page Label, avec liens de commande et revue de presse; une page consacr\u00e9e au concert de Spoke Trio au Th\u00e9\u00e2tre Aleph accessible depuis la page Galerie.<\/p>\n\n\n\n<p>le 06\/06\/2025 \/ Une page revue de presse pour <a href=\"https:\/\/acelproductions.com\/index.php\/revue-de-presse-hamed-sadeghi-eishan-ensemble\/\">Hamed Sadeghi<\/a> , <a href=\"https:\/\/acelproductions.com\/index.php\/revue-de-presse-jean-baptiste-favory\/\">Jean-Baptiste Favory<\/a> , <a href=\"https:\/\/acelproductions.com\/index.php\/revue-de-presse-gerard-pape\/\">Gerard Pape<\/a>, <a href=\"https:\/\/acelproductions.com\/index.php\/revue-de-presse-marijke-jaehrling\/\">Marijke Jaehrling<\/a> et <a href=\"https:\/\/acelproductions.com\/index.php\/revue-de-presse-yochko-seffer\/\">Yochk&rsquo;o Seffer<\/a>.<\/p>\n\n\n\n<p>Le 27\/04\/2025 \/ Deux pages de photos des concerts de Yochk&rsquo;o Seffer au Triton le 4 avril 2025 et de Elima Trio au Th\u00e9\u00e2tre Aleph le 25 avril 2025.<\/p>\n\n\n\n<p>le 29\/03\/2025 \/ Une nouvelle page consacr\u00e9e \u00e0 <em>Cel2<\/em> de Yochk&rsquo;o Seffer accessible \u00e0 partir de la page Label, un communiqu\u00e9 de presse des <em>\u00c2mes Caboss\u00e9es<\/em> de Robert Lanfranca accessible \u00e0 partir de la page Derni\u00e8res Sorties;<\/p>\n\n\n\n<p>le 22\/02\/2025 \/ Deux nouvelles pages consacr\u00e9es \u00e0 <em>Au Croisement des Chemins<\/em> et <em>Let me Fly away<\/em> de Debora Seffer accessibles \u00e0 partir de la page Label ; un page de photos du concert de Fee Aaij le 8 f\u00e9vrier 2025 ; un revue de presse de St\u00e9phane de G\u00e9rando et une mise \u00e0 jour des liens de commande.<\/p>\n\n\n\n<p>le 14\/12\/2024 \/ Rajout de photos du concert de Double Jeu le 29\/11\/2024 sur la page ci-dessous.<\/p>\n\n\n\n<p>le 24\/11\/2024 \/ Cr\u00e9ation de la page consacr\u00e9e au concert du duo Double Jeu le 23 novembre 2024 au Th\u00e9\u00e2tre de l&rsquo;Ile St Louis &#8211; Paul Rey, accessible \u00e0 partir de la page <a href=\"https:\/\/acelproductions.com\/index.php\/les-photos-et-les-videos\/\">Galerie<\/a><\/p>\n\n\n\n<p>le 17\/11\/2024 \/ Cr\u00e9ation de&nbsp;<a href=\"https:\/\/acelproductions.com\/index.php\/marijke-jaehrling-quartet-en-concert-a-crozon-le-18-octobre-2024\/\">pages&nbsp;<\/a>consacr\u00e9es au concert d&rsquo;Ad Vitam au Th\u00e9\u00e2tre Aleph et \u00e0 l&rsquo;\u00e9v\u00e9nement de sortie du Purgatoire de G\u00e9rard Pape au Klub, accessible \u00e0 partir de la page <a href=\"https:\/\/acelproductions.com\/index.php\/les-photos-et-les-videos\/\">Galerie<\/a><\/p>\n\n\n\n<p>le 13\/11\/2024 \/ Cr\u00e9ation d&rsquo;une page <a href=\"https:\/\/acelproductions.com\/index.php\/revue-de-presse\/\">Revue de Presse<\/a> qui sera progressivement compl\u00e9t\u00e9e<\/p>\n\n\n\n<p>le 09\/11\/2024 \/ ajout de nouvelles dates de concert et d&rsquo;un lien vers une interview de Yann Cleary sur la page <a href=\"https:\/\/acelproductions.com\/index.php\/les-nouvelles\/\">Agenda<\/a><\/p>\n\n\n\n<p>le 06\/11\/2024 \/ Cr\u00e9ation d&rsquo;une <a href=\"https:\/\/acelproductions.com\/index.php\/marijke-jaehrling-quartet-en-concert-a-crozon-le-18-octobre-2024\/\">page <\/a>consacr\u00e9e au concert de Marijke Jaehrling \u00e0 Crozon le 18\/10\/2024<\/p>\n\n\n\n<p>Fin octobre 2024 \/ Mise \u00e0 jour de la page <a href=\"https:\/\/acelproductions.com\/index.php\/les-photos-et-les-videos\/\">Galerie <\/a>avec des affiches de concerts ant\u00e9rieurs \u00e0 2023 et des photos du concert de <a href=\"https:\/\/acelproductions.com\/index.php\/yochko-seffer-red-misticum-au-lavoir-moderne-parisien-en-octobre-2010\/\">Yochk&rsquo;o Seffer au Lavoir Moderne en 2010<\/a>, du concert <a href=\"https:\/\/acelproductions.com\/index.php\/concert-rencontres-electriques-au-99-en-mouvement-le-29-avril-2015\/\">Rencontres Electriques au 99 en mouvement en 2015<\/a> et le lien vers une vid\u00e9o de <a href=\"https:\/\/www.youtube.com\/watch?v=q24BL05yheM&amp;list=PL0kS3mqUcgsaUYjL0vtfwmwHstdtmALlc&amp;index=49\" target=\"_blank\" rel=\"noreferrer noopener\">Debora Seffer au Studio de l&rsquo;Ermitage<\/a> en 2022<\/p>\n\n\n\n<p>le 21\/10\/2024 \/ Mise \u00e0 jour de la page <a href=\"https:\/\/acelproductions.com\/index.php\/les-photos-et-les-videos\/\">Galerie <\/a>avec les concerts des 5 et 18 octobre, cr\u00e9ation d&rsquo;une page d\u00e9di\u00e9e au <a href=\"https:\/\/acelproductions.com\/index.php\/yochko-seffer-ethnic-trio-en-concert-a-guise-le-5-octobre-2024\/\">concert de Yochk&rsquo;o Seffer Ethnic Trio <\/a>du 5 octobre.<\/p>\n\n\n\n<p>le 15\/10\/2024 \/ mise \u00e0 jour de la page <a href=\"https:\/\/acelproductions.com\/index.php\/les-nouvelles\/\">Agenda<\/a> avec des pr\u00e9cisions sur le concert de Flore Dupuy et Florence Ribot du 23 novembre 2024, un lien vers une <a href=\"https:\/\/www.youtube.com\/watch?v=05hBm7-bB3Y\" target=\"_blank\" rel=\"noreferrer noopener\">vid\u00e9o <\/a>de Robert Lanfranca, le lien de pr\u00e9commande de \u00ab\u00a0<a href=\"https:\/\/bfan.link\/hangosh\" target=\"_blank\" rel=\"noreferrer noopener\">Hangosh<\/a>\u00a0\u00bb de Yochk&rsquo;o Seffer et Fran\u00e7ois Causse, un lien vers <a href=\"https:\/\/www.youtube.com\/watch?v=vk6cFtzkbxQ\" target=\"_blank\" rel=\"noreferrer noopener\">un extrait vid\u00e9o<\/a> du concert-lecture du \u00ab\u00a0Grand Troupeau\u00a0\u00bb de Jean Giono (@Editions Gallimard) au Mus\u00e9e de Bastia le 21 septembre 2024 par Christine Bretonnier (musique Christophe Alzetto)<\/p>\n\n\n\n<p>le 28\/09\/2024 \/ reprise de l&rsquo;ancien site de Yochk&rsquo;o Seffer. Ce site est \u00e0 jour jusqu&rsquo;en 2018. Pour le moment il a \u00e9t\u00e9 repris en l&rsquo;\u00e9tat. Il sera actualis\u00e9 et mis \u00e0 jour r\u00e9guli\u00e8rement. Il est accessible <a href=\"https:\/\/acelproductions.com\/SITE_YOCHKO\/index_yochko.html\" target=\"_blank\" rel=\"noreferrer noopener\">ici<\/a>.<\/p>\n\n\n\n<p>le 28\/09\/2024 \/ lien vers une <a href=\"https:\/\/www.lardennais.fr\/id642948\/article\/2024-09-22\/yochko-seffer-le-5-octobre-au-familijazz-de-guise-depuis-lage-de-4-ans-la\" target=\"_blank\" rel=\"noreferrer noopener\">interview <\/a>de Yochk&rsquo;o Seffer parue le 22 septembre dans l&rsquo;Union et l&rsquo;Ardennais<\/p>\n\n\n\n<p>le 28\/09\/2024 \/ liens de commande et de pr\u00e9commande de \u00ab\u00a0<a href=\"https:\/\/bfan.link\/echos-1-1\" target=\"_blank\" rel=\"noreferrer noopener\">Echos<\/a>\u00a0\u00bb du collectif Chami, des \u00ab\u00a0<a href=\"https:\/\/bfan.link\/les-ames-cabossees\" target=\"_blank\" rel=\"noreferrer noopener\">Ames Caboss\u00e9es<\/a>\u00a0\u00bb de Robert Lanfranca, de \u00ab\u00a0<a href=\"https:\/\/bfan.link\/au-croisement-des-chemins\" target=\"_blank\" rel=\"noreferrer noopener\">Au Croisement des Chemins<\/a>\u00a0\u00bb et \u00ab\u00a0<a href=\"https:\/\/bfan.link\/let-me-fly-away\" target=\"_blank\" rel=\"noreferrer noopener\">Let me Fly Away<\/a>&lsquo; de Debora Seffer<\/p>\n\n\n\n<p>le 22\/08\/2024 \/ Des pr\u00e9cisions sur les sorties de singles de Yann Cleary, l&rsquo;affiche du concert de Yochk&rsquo;o Seffer le 05\/10\/2024, le visuel de CD de Robert Lanfranca sur la page <a href=\"https:\/\/acelproductions.com\/index.php\/les-nouvelles\/\">Agenda<\/a><\/p>\n\n\n\n<p>le 17\/08\/2024 \/ lien vers une interview de G\u00e9rard Pape lors de la sortie du Purgatoire , pr\u00e9sentation du concert de Bruno Schorp avec lien de r\u00e9servation sur la page <a href=\"https:\/\/acelproductions.com\/index.php\/les-nouvelles\/\">Agenda<\/a> et un lien direct vers un <a href=\"https:\/\/www.furious.com\/perfect\/frenchfreejazz3.html\" target=\"_blank\" rel=\"noreferrer noopener\">article <\/a>sur le groupe Perception et ses enregistrements.<\/p>\n\n\n\n<p>le 08\/08\/2024 \/ lien de pr\u00e9commande de \u00ab\u00a0Way Way Below\u00a0\u00bb de Yann Cleary sur la page <a href=\"https:\/\/acelproductions.com\/index.php\/les-nouvelles\/\">Agenda<\/a><\/p>\n\n\n\n<p>le 06\/08\/2024 \/ de nouvelles nouvelles, le lien vers une vid\u00e9o de Yochk&rsquo;o Seffer et une chronique du Purgatoire de G\u00e9rard Pape sur la page <a href=\"https:\/\/acelproductions.com\/index.php\/les-nouvelles\/\">Agenda<\/a><\/p>\n\n\n\n<p>le 12\/07\/2024 \/ page \u00ab\u00a0<a href=\"https:\/\/acelproductions.com\/index.php\/les-photos-et-les-videos\/\">Galerie<\/a>\u00ab\u00a0: lien vers des photos du concert de Marijke Jaehrling \u00e0 Rennes du 28 juin 2024.<\/p>\n\n\n\n<p>le 29\/06\/2024 \/ de nouvelles dates de concert sur la page <a href=\"https:\/\/acelproductions.com\/index.php\/les-nouvelles\/\">Agenda <\/a>et le lancement d&rsquo;un collecte pour le projet \u00ab\u00a0Echos#1\u00a0\u00bb.<\/p>\n\n\n\n<p>le 26\/06\/2024 \/ mise \u00e0 jour de la page \u00ab\u00a0<a href=\"https:\/\/acelproductions.com\/label.html\">Label<\/a>\u00a0\u00bb avec les liens vers les communiqu\u00e9s de presse d&rsquo;Appassionato, Bonjour Libert\u00e9!, Les Signes au Loin, Voyage vers la Consolation et Le Purgatoire.<\/p>\n\n\n\n<p>le 24\/06\/2024 \/ page \u00ab\u00a0<a href=\"https:\/\/acelproductions.com\/index.php\/les-photos-et-les-videos\/\">Galerie<\/a>\u00ab\u00a0: lien vers le post facebook contenant des photos du concert de Sylvain del Campo au Baiser Sal\u00e9, le 15 juin 2024.<\/p>\n\n\n\n<p><\/p>\n","protected":false},"excerpt":{"rendered":"<p>le 03\/04\/2026 \/ une page consacr\u00e9e \u00e0 Concert Rennes 2002 du quartet de Christian avec une chronique de ce m\u00eame enregistrement parue sur Citizen Jazz, une chronique de Northern Rhapsody de l&rsquo;Eishan Ensemble et de son concert du 2 octobre 2025 parue dans Rythmes Crois\u00e9s. le 20\/12\/2025 \/ deux pages consacr\u00e9es aux concerts d&rsquo;Elima Trio [&hellip;]<\/p>\n","protected":false},"author":1,"featured_media":0,"parent":0,"menu_order":0,"comment_status":"closed","ping_status":"closed","template":"","meta":{"footnotes":""},"class_list":["post-329","page","type-page","status-publish","hentry"],"_links":{"self":[{"href":"https:\/\/acelproductions.com\/index.php\/wp-json\/wp\/v2\/pages\/329","targetHints":{"allow":["GET"]}}],"collection":[{"href":"https:\/\/acelproductions.com\/index.php\/wp-json\/wp\/v2\/pages"}],"about":[{"href":"https:\/\/acelproductions.com\/index.php\/wp-json\/wp\/v2\/types\/page"}],"author":[{"embeddable":true,"href":"https:\/\/acelproductions.com\/index.php\/wp-json\/wp\/v2\/users\/1"}],"replies":[{"embeddable":true,"href":"https:\/\/acelproductions.com\/index.php\/wp-json\/wp\/v2\/comments?post=329"}],"version-history":[{"count":45,"href":"https:\/\/acelproductions.com\/index.php\/wp-json\/wp\/v2\/pages\/329\/revisions"}],"predecessor-version":[{"id":1233,"href":"https:\/\/acelproductions.com\/index.php\/wp-json\/wp\/v2\/pages\/329\/revisions\/1233"}],"wp:attachment":[{"href":"https:\/\/acelproductions.com\/index.php\/wp-json\/wp\/v2\/media?parent=329"}],"curies":[{"name":"wp","href":"https:\/\/api.w.org\/{rel}","templated":true}]}}