{"id":112,"date":"2023-12-03T12:04:28","date_gmt":"2023-12-03T11:04:28","guid":{"rendered":"https:\/\/acelproductions.com\/?page_id=112"},"modified":"2026-04-25T23:21:34","modified_gmt":"2026-04-25T21:21:34","slug":"les-photos-et-les-videos","status":"publish","type":"page","link":"https:\/\/acelproductions.com\/index.php\/les-photos-et-les-videos\/","title":{"rendered":"La galerie"},"content":{"rendered":"\n<p class=\"has-text-align-center\">Cliquez sur les images pour aller plus loin&#8230;<\/p>\n\n\n\n<figure class=\"wp-block-image aligncenter size-large is-resized\"><img loading=\"lazy\" decoding=\"async\" width=\"724\" height=\"1024\" src=\"http:\/\/acelproductions.com\/wp-content\/uploads\/2026\/03\/AFFICHE-TILS2-724x1024.jpg\" alt=\"\" class=\"wp-image-1193\" style=\"width:489px;height:auto\" srcset=\"https:\/\/acelproductions.com\/wp-content\/uploads\/2026\/03\/AFFICHE-TILS2-724x1024.jpg 724w, https:\/\/acelproductions.com\/wp-content\/uploads\/2026\/03\/AFFICHE-TILS2-212x300.jpg 212w, https:\/\/acelproductions.com\/wp-content\/uploads\/2026\/03\/AFFICHE-TILS2-768x1086.jpg 768w, https:\/\/acelproductions.com\/wp-content\/uploads\/2026\/03\/AFFICHE-TILS2-1086x1536.jpg 1086w, https:\/\/acelproductions.com\/wp-content\/uploads\/2026\/03\/AFFICHE-TILS2-1448x2048.jpg 1448w, https:\/\/acelproductions.com\/wp-content\/uploads\/2026\/03\/AFFICHE-TILS2-scaled.jpg 1810w\" sizes=\"auto, (max-width: 724px) 100vw, 724px\" \/><\/figure>\n\n\n\n<figure class=\"wp-block-image aligncenter size-large is-resized\"><a href=\"https:\/\/acelproductions.com\/index.php\/elima-trio-a-la-maison-heinrich-heine-le-7-decembre-2025\/\"><img loading=\"lazy\" decoding=\"async\" width=\"724\" height=\"1024\" src=\"https:\/\/acelproductions.com\/wp-content\/uploads\/2025\/12\/WhatsApp-Image-2025-11-25-at-15.29.25-724x1024.jpeg\" alt=\"\" class=\"wp-image-1143\" style=\"width:489px;height:auto\" srcset=\"https:\/\/acelproductions.com\/wp-content\/uploads\/2025\/12\/WhatsApp-Image-2025-11-25-at-15.29.25-724x1024.jpeg 724w, https:\/\/acelproductions.com\/wp-content\/uploads\/2025\/12\/WhatsApp-Image-2025-11-25-at-15.29.25-212x300.jpeg 212w, https:\/\/acelproductions.com\/wp-content\/uploads\/2025\/12\/WhatsApp-Image-2025-11-25-at-15.29.25-768x1086.jpeg 768w, https:\/\/acelproductions.com\/wp-content\/uploads\/2025\/12\/WhatsApp-Image-2025-11-25-at-15.29.25-1086x1536.jpeg 1086w, https:\/\/acelproductions.com\/wp-content\/uploads\/2025\/12\/WhatsApp-Image-2025-11-25-at-15.29.25.jpeg 1131w\" sizes=\"auto, (max-width: 724px) 100vw, 724px\" \/><\/a><\/figure>\n\n\n\n<figure class=\"wp-block-image aligncenter size-large is-resized\"><a href=\"https:\/\/acelproductions.com\/index.php\/elima-trio-au-theatre-aleph-le-14-novembre-2025-en-compagnie-dedim-tentet\/\"><img loading=\"lazy\" decoding=\"async\" width=\"753\" height=\"1024\" src=\"http:\/\/acelproductions.com\/wp-content\/uploads\/2025\/10\/flyer1-753x1024.jpg\" alt=\"\" class=\"wp-image-1061\" style=\"width:485px;height:auto\" srcset=\"https:\/\/acelproductions.com\/wp-content\/uploads\/2025\/10\/flyer1-753x1024.jpg 753w, https:\/\/acelproductions.com\/wp-content\/uploads\/2025\/10\/flyer1-221x300.jpg 221w, https:\/\/acelproductions.com\/wp-content\/uploads\/2025\/10\/flyer1-768x1045.jpg 768w, https:\/\/acelproductions.com\/wp-content\/uploads\/2025\/10\/flyer1-1129x1536.jpg 1129w, https:\/\/acelproductions.com\/wp-content\/uploads\/2025\/10\/flyer1.jpg 1311w\" sizes=\"auto, (max-width: 753px) 100vw, 753px\" \/><\/a><\/figure>\n\n\n\n<figure class=\"wp-block-image aligncenter size-full\"><a href=\"https:\/\/acelproductions.com\/disc_morphilude.html\"><img loading=\"lazy\" decoding=\"async\" width=\"960\" height=\"540\" src=\"https:\/\/acelproductions.com\/wp-content\/uploads\/2025\/11\/589791471_10239618938513377_4618765240871997063_n.jpg\" alt=\"\" class=\"wp-image-1121\" srcset=\"https:\/\/acelproductions.com\/wp-content\/uploads\/2025\/11\/589791471_10239618938513377_4618765240871997063_n.jpg 960w, https:\/\/acelproductions.com\/wp-content\/uploads\/2025\/11\/589791471_10239618938513377_4618765240871997063_n-300x169.jpg 300w, https:\/\/acelproductions.com\/wp-content\/uploads\/2025\/11\/589791471_10239618938513377_4618765240871997063_n-768x432.jpg 768w\" sizes=\"auto, (max-width: 960px) 100vw, 960px\" \/><\/a><figcaption class=\"wp-element-caption\"><strong>Pr\u00e9sentation de <em>Morphilude <\/em>au SIMEC d&rsquo;Amiens le 21 novembre 2025 en pr\u00e9sence de Matteo Cesari, soliste de la pi\u00e8ce et de St\u00e9phane de G\u00e9rando, compositeur.<\/strong><\/figcaption><\/figure>\n\n\n\n<figure class=\"wp-block-image aligncenter size-large is-resized\"><img loading=\"lazy\" decoding=\"async\" width=\"707\" height=\"1024\" src=\"http:\/\/acelproductions.com\/wp-content\/uploads\/2025\/09\/GOLDANOWSKI_AFFICHE-707x1024.jpg\" alt=\"\" class=\"wp-image-978\" style=\"width:478px;height:auto\" srcset=\"https:\/\/acelproductions.com\/wp-content\/uploads\/2025\/09\/GOLDANOWSKI_AFFICHE-707x1024.jpg 707w, https:\/\/acelproductions.com\/wp-content\/uploads\/2025\/09\/GOLDANOWSKI_AFFICHE-207x300.jpg 207w, https:\/\/acelproductions.com\/wp-content\/uploads\/2025\/09\/GOLDANOWSKI_AFFICHE-768x1113.jpg 768w, https:\/\/acelproductions.com\/wp-content\/uploads\/2025\/09\/GOLDANOWSKI_AFFICHE-1060x1536.jpg 1060w, https:\/\/acelproductions.com\/wp-content\/uploads\/2025\/09\/GOLDANOWSKI_AFFICHE-1414x2048.jpg 1414w, https:\/\/acelproductions.com\/wp-content\/uploads\/2025\/09\/GOLDANOWSKI_AFFICHE-scaled.jpg 1767w\" sizes=\"auto, (max-width: 707px) 100vw, 707px\" \/><\/figure>\n\n\n\n<figure class=\"wp-block-image aligncenter size-large is-resized\"><a href=\"https:\/\/acelproductions.com\/index.php\/eishan-ensemble-au-theatre-aleph-le-2-octobre-2025\/\"><img loading=\"lazy\" decoding=\"async\" width=\"731\" height=\"1024\" src=\"http:\/\/acelproductions.com\/wp-content\/uploads\/2025\/08\/image-2-731x1024.png\" alt=\"\" class=\"wp-image-937\" style=\"width:479px;height:auto\" srcset=\"https:\/\/acelproductions.com\/wp-content\/uploads\/2025\/08\/image-2-731x1024.png 731w, https:\/\/acelproductions.com\/wp-content\/uploads\/2025\/08\/image-2-214x300.png 214w, https:\/\/acelproductions.com\/wp-content\/uploads\/2025\/08\/image-2-768x1076.png 768w, https:\/\/acelproductions.com\/wp-content\/uploads\/2025\/08\/image-2-1096x1536.png 1096w, https:\/\/acelproductions.com\/wp-content\/uploads\/2025\/08\/image-2.png 1160w\" sizes=\"auto, (max-width: 731px) 100vw, 731px\" \/><\/a><\/figure>\n\n\n\n<figure class=\"wp-block-image aligncenter size-full is-resized\"><a href=\"https:\/\/acelproductions.com\/index.php\/elima-trio-au-triton-du-10-au-16-septembre-2025-concert-le-13\/\"><img loading=\"lazy\" decoding=\"async\" width=\"600\" height=\"900\" src=\"http:\/\/acelproductions.com\/wp-content\/uploads\/2025\/08\/image-3.png\" alt=\"\" class=\"wp-image-939\" style=\"width:485px;height:auto\" srcset=\"https:\/\/acelproductions.com\/wp-content\/uploads\/2025\/08\/image-3.png 600w, https:\/\/acelproductions.com\/wp-content\/uploads\/2025\/08\/image-3-200x300.png 200w\" sizes=\"auto, (max-width: 600px) 100vw, 600px\" \/><\/a><\/figure>\n\n\n\n<figure class=\"wp-block-image aligncenter size-large is-resized\"><a href=\"https:\/\/acelproductions.com\/index.php\/elima-trio-a-locmariaquer-le-23-aout-2025\/\"><img loading=\"lazy\" decoding=\"async\" width=\"724\" height=\"1024\" src=\"https:\/\/acelproductions.com\/wp-content\/uploads\/2025\/08\/AFFICHE-LOCMARIAQUER2-724x1024.jpg\" alt=\"\" class=\"wp-image-945\" style=\"width:471px;height:auto\" srcset=\"https:\/\/acelproductions.com\/wp-content\/uploads\/2025\/08\/AFFICHE-LOCMARIAQUER2-724x1024.jpg 724w, https:\/\/acelproductions.com\/wp-content\/uploads\/2025\/08\/AFFICHE-LOCMARIAQUER2-212x300.jpg 212w, https:\/\/acelproductions.com\/wp-content\/uploads\/2025\/08\/AFFICHE-LOCMARIAQUER2-768x1086.jpg 768w, https:\/\/acelproductions.com\/wp-content\/uploads\/2025\/08\/AFFICHE-LOCMARIAQUER2-1086x1536.jpg 1086w, https:\/\/acelproductions.com\/wp-content\/uploads\/2025\/08\/AFFICHE-LOCMARIAQUER2.jpg 1414w\" sizes=\"auto, (max-width: 724px) 100vw, 724px\" \/><\/a><\/figure>\n\n\n\n<figure class=\"wp-block-image aligncenter size-full is-resized\"><a href=\"https:\/\/youtu.be\/rv9c4bYSikQ\" target=\"_blank\" rel=\"noreferrer noopener\"><img loading=\"lazy\" decoding=\"async\" width=\"807\" height=\"724\" src=\"http:\/\/acelproductions.com\/wp-content\/uploads\/2025\/04\/NOLA_FASSAVANT.jpg\" alt=\"\" class=\"wp-image-798\" style=\"width:327px;height:auto\" srcset=\"https:\/\/acelproductions.com\/wp-content\/uploads\/2025\/04\/NOLA_FASSAVANT.jpg 807w, https:\/\/acelproductions.com\/wp-content\/uploads\/2025\/04\/NOLA_FASSAVANT-300x269.jpg 300w, https:\/\/acelproductions.com\/wp-content\/uploads\/2025\/04\/NOLA_FASSAVANT-768x689.jpg 768w\" sizes=\"auto, (max-width: 807px) 100vw, 807px\" \/><\/a><figcaption class=\"wp-element-caption\"><strong>EN CONCERT AU SUNSIDE LE 18 JUIN 2025 \u00c0 21H30<\/strong><\/figcaption><\/figure>\n\n\n\n<figure class=\"wp-block-image aligncenter size-large is-resized\"><img loading=\"lazy\" decoding=\"async\" width=\"819\" height=\"1024\" src=\"http:\/\/acelproductions.com\/wp-content\/uploads\/2025\/06\/ElimaPost-819x1024.jpg\" alt=\"\" class=\"wp-image-886\" style=\"width:445px;height:auto\" srcset=\"https:\/\/acelproductions.com\/wp-content\/uploads\/2025\/06\/ElimaPost-819x1024.jpg 819w, https:\/\/acelproductions.com\/wp-content\/uploads\/2025\/06\/ElimaPost-240x300.jpg 240w, https:\/\/acelproductions.com\/wp-content\/uploads\/2025\/06\/ElimaPost-768x960.jpg 768w, https:\/\/acelproductions.com\/wp-content\/uploads\/2025\/06\/ElimaPost.jpg 1080w\" sizes=\"auto, (max-width: 819px) 100vw, 819px\" \/><\/figure>\n\n\n\n<figure class=\"wp-block-image size-full\"><img loading=\"lazy\" decoding=\"async\" width=\"627\" height=\"238\" src=\"http:\/\/acelproductions.com\/wp-content\/uploads\/2025\/05\/bandeau-LGT.jpg\" alt=\"\" class=\"wp-image-848\" srcset=\"https:\/\/acelproductions.com\/wp-content\/uploads\/2025\/05\/bandeau-LGT.jpg 627w, https:\/\/acelproductions.com\/wp-content\/uploads\/2025\/05\/bandeau-LGT-300x114.jpg 300w\" sizes=\"auto, (max-width: 627px) 100vw, 627px\" \/><\/figure>\n\n\n\n<figure class=\"wp-block-image size-full\"><a href=\"https:\/\/acelproductions.com\/index.php\/elima-trio-jazz-connections-au-theatre-aleph-le-25-avril-2025\/\"><img loading=\"lazy\" decoding=\"async\" width=\"621\" height=\"878\" src=\"https:\/\/acelproductions.com\/wp-content\/uploads\/2025\/04\/FLYER-ELIMA_ALEPH.jpg\" alt=\"\" class=\"wp-image-804\" srcset=\"https:\/\/acelproductions.com\/wp-content\/uploads\/2025\/04\/FLYER-ELIMA_ALEPH.jpg 621w, https:\/\/acelproductions.com\/wp-content\/uploads\/2025\/04\/FLYER-ELIMA_ALEPH-212x300.jpg 212w\" sizes=\"auto, (max-width: 621px) 100vw, 621px\" \/><\/a><\/figure>\n\n\n\n<figure class=\"wp-block-image size-full\"><a href=\"https:\/\/acelproductions.com\/index.php\/yochko-seffer-neffesh-music-au-triton-le-4-avril-2025\/\"><img loading=\"lazy\" decoding=\"async\" width=\"600\" height=\"900\" src=\"https:\/\/acelproductions.com\/wp-content\/uploads\/2025\/04\/2025-04-04-yochk-o-seffer-.jpg\" alt=\"\" class=\"wp-image-777\" srcset=\"https:\/\/acelproductions.com\/wp-content\/uploads\/2025\/04\/2025-04-04-yochk-o-seffer-.jpg 600w, https:\/\/acelproductions.com\/wp-content\/uploads\/2025\/04\/2025-04-04-yochk-o-seffer--200x300.jpg 200w\" sizes=\"auto, (max-width: 600px) 100vw, 600px\" \/><\/a><\/figure>\n\n\n\n<figure class=\"wp-block-image size-large is-resized\"><a href=\"https:\/\/acelproductions.com\/index.php\/ad-vitam-au-theatre-aleph-le-21-fevrier-2025\/\"><img loading=\"lazy\" decoding=\"async\" width=\"576\" height=\"1024\" src=\"https:\/\/acelproductions.com\/wp-content\/uploads\/2025\/09\/IMG-20250215-WA0000-576x1024.jpeg\" alt=\"\" class=\"wp-image-1015\" style=\"width:620px;height:auto\" srcset=\"https:\/\/acelproductions.com\/wp-content\/uploads\/2025\/09\/IMG-20250215-WA0000-576x1024.jpeg 576w, https:\/\/acelproductions.com\/wp-content\/uploads\/2025\/09\/IMG-20250215-WA0000-169x300.jpeg 169w, https:\/\/acelproductions.com\/wp-content\/uploads\/2025\/09\/IMG-20250215-WA0000-768x1365.jpeg 768w, https:\/\/acelproductions.com\/wp-content\/uploads\/2025\/09\/IMG-20250215-WA0000-864x1536.jpeg 864w, https:\/\/acelproductions.com\/wp-content\/uploads\/2025\/09\/IMG-20250215-WA0000-1152x2048.jpeg 1152w, https:\/\/acelproductions.com\/wp-content\/uploads\/2025\/09\/IMG-20250215-WA0000-scaled.jpeg 1440w\" sizes=\"auto, (max-width: 576px) 100vw, 576px\" \/><\/a><\/figure>\n\n\n\n<figure class=\"wp-block-image size-large is-resized\"><a href=\"https:\/\/acelproductions.com\/index.php\/fee-aaij-songs-from-the-joker\/\"><img loading=\"lazy\" decoding=\"async\" width=\"724\" height=\"1024\" src=\"http:\/\/acelproductions.com\/wp-content\/uploads\/2025\/01\/FEE-AAIJ-724x1024.jpg\" alt=\"\" class=\"wp-image-709\" style=\"width:620px;height:auto\" srcset=\"https:\/\/acelproductions.com\/wp-content\/uploads\/2025\/01\/FEE-AAIJ-724x1024.jpg 724w, https:\/\/acelproductions.com\/wp-content\/uploads\/2025\/01\/FEE-AAIJ-212x300.jpg 212w, https:\/\/acelproductions.com\/wp-content\/uploads\/2025\/01\/FEE-AAIJ-768x1086.jpg 768w, https:\/\/acelproductions.com\/wp-content\/uploads\/2025\/01\/FEE-AAIJ-1086x1536.jpg 1086w, https:\/\/acelproductions.com\/wp-content\/uploads\/2025\/01\/FEE-AAIJ.jpg 1191w\" sizes=\"auto, (max-width: 724px) 100vw, 724px\" \/><\/a><\/figure>\n\n\n\n<figure class=\"wp-block-image size-large\"><a href=\"https:\/\/acelproductions.com\/index.php\/spoke-trio-au-theatre-aleph-le-17-janvier-2025-2\/\"><img loading=\"lazy\" decoding=\"async\" width=\"724\" height=\"1024\" src=\"https:\/\/acelproductions.com\/wp-content\/uploads\/2025\/06\/AFFICHE-SPOKE-TRIO-ALEPH-724x1024.jpg\" alt=\"\" class=\"wp-image-890\" srcset=\"https:\/\/acelproductions.com\/wp-content\/uploads\/2025\/06\/AFFICHE-SPOKE-TRIO-ALEPH-724x1024.jpg 724w, https:\/\/acelproductions.com\/wp-content\/uploads\/2025\/06\/AFFICHE-SPOKE-TRIO-ALEPH-212x300.jpg 212w, https:\/\/acelproductions.com\/wp-content\/uploads\/2025\/06\/AFFICHE-SPOKE-TRIO-ALEPH-768x1086.jpg 768w, https:\/\/acelproductions.com\/wp-content\/uploads\/2025\/06\/AFFICHE-SPOKE-TRIO-ALEPH-1086x1536.jpg 1086w, https:\/\/acelproductions.com\/wp-content\/uploads\/2025\/06\/AFFICHE-SPOKE-TRIO-ALEPH-1448x2048.jpg 1448w, https:\/\/acelproductions.com\/wp-content\/uploads\/2025\/06\/AFFICHE-SPOKE-TRIO-ALEPH-scaled.jpg 1810w\" sizes=\"auto, (max-width: 724px) 100vw, 724px\" \/><\/a><\/figure>\n\n\n\n<figure class=\"wp-block-image size-large\"><a href=\"https:\/\/acelproductions.com\/index.php\/marijke-jaehrling-au-sunset-sunside-le-4-janvier-2025\/\"><img loading=\"lazy\" decoding=\"async\" width=\"1024\" height=\"1024\" src=\"http:\/\/acelproductions.com\/wp-content\/uploads\/2024\/11\/04.01-MARIJKE-JAEHRLING-1024x1024.png\" alt=\"\" class=\"wp-image-601\" srcset=\"https:\/\/acelproductions.com\/wp-content\/uploads\/2024\/11\/04.01-MARIJKE-JAEHRLING-1024x1024.png 1024w, https:\/\/acelproductions.com\/wp-content\/uploads\/2024\/11\/04.01-MARIJKE-JAEHRLING-300x300.png 300w, https:\/\/acelproductions.com\/wp-content\/uploads\/2024\/11\/04.01-MARIJKE-JAEHRLING-150x150.png 150w, https:\/\/acelproductions.com\/wp-content\/uploads\/2024\/11\/04.01-MARIJKE-JAEHRLING-768x768.png 768w, https:\/\/acelproductions.com\/wp-content\/uploads\/2024\/11\/04.01-MARIJKE-JAEHRLING.png 1080w\" sizes=\"auto, (max-width: 1024px) 100vw, 1024px\" \/><\/a><\/figure>\n\n\n\n<figure class=\"wp-block-image aligncenter size-large is-resized\"><a href=\"https:\/\/acelproductions.com\/index.php\/concert-du-duo-double-jeu-au-theatre-de-lile-stlouis-paul-rey-du-23-novembre-2024\/\"><img loading=\"lazy\" decoding=\"async\" width=\"724\" height=\"1024\" src=\"http:\/\/acelproductions.com\/wp-content\/uploads\/2024\/10\/AFFICHE-V4_page-0001-724x1024.jpg\" alt=\"\" class=\"wp-image-434\" style=\"width:407px;height:auto\" srcset=\"https:\/\/acelproductions.com\/wp-content\/uploads\/2024\/10\/AFFICHE-V4_page-0001-724x1024.jpg 724w, https:\/\/acelproductions.com\/wp-content\/uploads\/2024\/10\/AFFICHE-V4_page-0001-212x300.jpg 212w, https:\/\/acelproductions.com\/wp-content\/uploads\/2024\/10\/AFFICHE-V4_page-0001-768x1086.jpg 768w, https:\/\/acelproductions.com\/wp-content\/uploads\/2024\/10\/AFFICHE-V4_page-0001-1086x1536.jpg 1086w, https:\/\/acelproductions.com\/wp-content\/uploads\/2024\/10\/AFFICHE-V4_page-0001-1448x2048.jpg 1448w, https:\/\/acelproductions.com\/wp-content\/uploads\/2024\/10\/AFFICHE-V4_page-0001.jpg 1754w\" sizes=\"auto, (max-width: 724px) 100vw, 724px\" \/><\/a><\/figure>\n\n\n\n<figure class=\"wp-block-image aligncenter size-large is-resized\"><a href=\"https:\/\/acelproductions.com\/index.php\/evenement-de-sortie-du-purgatoire-de-gerard-pape-au-klub-le-15-11-2024\/\"><img loading=\"lazy\" decoding=\"async\" width=\"724\" height=\"1024\" src=\"http:\/\/acelproductions.com\/wp-content\/uploads\/2024\/11\/2d7a1652-ca42-4076-8bdc-9819bbbe5dd9-724x1024.jpg\" alt=\"\" class=\"wp-image-630\" style=\"width:416px;height:auto\" srcset=\"https:\/\/acelproductions.com\/wp-content\/uploads\/2024\/11\/2d7a1652-ca42-4076-8bdc-9819bbbe5dd9-724x1024.jpg 724w, https:\/\/acelproductions.com\/wp-content\/uploads\/2024\/11\/2d7a1652-ca42-4076-8bdc-9819bbbe5dd9-212x300.jpg 212w, https:\/\/acelproductions.com\/wp-content\/uploads\/2024\/11\/2d7a1652-ca42-4076-8bdc-9819bbbe5dd9-768x1086.jpg 768w, https:\/\/acelproductions.com\/wp-content\/uploads\/2024\/11\/2d7a1652-ca42-4076-8bdc-9819bbbe5dd9-1086x1536.jpg 1086w, https:\/\/acelproductions.com\/wp-content\/uploads\/2024\/11\/2d7a1652-ca42-4076-8bdc-9819bbbe5dd9.jpg 1448w\" sizes=\"auto, (max-width: 724px) 100vw, 724px\" \/><\/a><\/figure>\n\n\n\n<figure class=\"wp-block-gallery has-nested-images columns-default is-cropped wp-block-gallery-1 is-layout-flex wp-block-gallery-is-layout-flex\">\n<figure class=\"wp-block-image size-large\"><a href=\"https:\/\/acelproductions.com\/index.php\/marijke-jaehrling-quartet-en-concert-a-crozon-le-18-octobre-2024\/\"><img loading=\"lazy\" decoding=\"async\" width=\"1024\" height=\"681\" data-id=\"474\" src=\"https:\/\/acelproductions.com\/wp-content\/uploads\/2024\/10\/CROZON-1024x681.jpg\" alt=\"\" class=\"wp-image-474\" srcset=\"https:\/\/acelproductions.com\/wp-content\/uploads\/2024\/10\/CROZON-1024x681.jpg 1024w, https:\/\/acelproductions.com\/wp-content\/uploads\/2024\/10\/CROZON-300x199.jpg 300w, https:\/\/acelproductions.com\/wp-content\/uploads\/2024\/10\/CROZON-768x511.jpg 768w, https:\/\/acelproductions.com\/wp-content\/uploads\/2024\/10\/CROZON-1536x1021.jpg 1536w, https:\/\/acelproductions.com\/wp-content\/uploads\/2024\/10\/CROZON-2048x1362.jpg 2048w\" sizes=\"auto, (max-width: 1024px) 100vw, 1024px\" \/><\/a><figcaption class=\"wp-element-caption\"><em><strong>Marijke Jaehrling Quartet en concert \u00e0 Crozon le 18 octobre 2024<\/strong><\/em><\/figcaption><\/figure>\n<\/figure>\n\n\n\n<figure class=\"wp-block-image aligncenter size-full is-resized\"><a href=\"https:\/\/acelproductions.com\/index.php\/yochko-seffer-ethnic-trio-en-concert-a-guise-le-5-octobre-2024\/\"><img loading=\"lazy\" decoding=\"async\" width=\"723\" height=\"1024\" src=\"https:\/\/acelproductions.com\/wp-content\/uploads\/2024\/10\/YOCHKO-SEFFER_GUISE_AFFICHE.jpg\" alt=\"\" class=\"wp-image-445\" style=\"width:354px;height:auto\" srcset=\"https:\/\/acelproductions.com\/wp-content\/uploads\/2024\/10\/YOCHKO-SEFFER_GUISE_AFFICHE.jpg 723w, https:\/\/acelproductions.com\/wp-content\/uploads\/2024\/10\/YOCHKO-SEFFER_GUISE_AFFICHE-212x300.jpg 212w\" sizes=\"auto, (max-width: 723px) 100vw, 723px\" \/><\/a><\/figure>\n\n\n\n<figure class=\"wp-block-image aligncenter size-large is-resized\"><a href=\"https:\/\/www.youtube.com\/watch?v=vk6cFtzkbxQ\" target=\"_blank\" rel=\"noreferrer noopener\"><img loading=\"lazy\" decoding=\"async\" width=\"724\" height=\"1024\" src=\"https:\/\/acelproductions.com\/wp-content\/uploads\/2024\/10\/Lecture-de-Christine-Bretonnier-1-724x1024.png\" alt=\"\" class=\"wp-image-450\" style=\"width:314px;height:auto\" srcset=\"https:\/\/acelproductions.com\/wp-content\/uploads\/2024\/10\/Lecture-de-Christine-Bretonnier-1-724x1024.png 724w, https:\/\/acelproductions.com\/wp-content\/uploads\/2024\/10\/Lecture-de-Christine-Bretonnier-1-212x300.png 212w, https:\/\/acelproductions.com\/wp-content\/uploads\/2024\/10\/Lecture-de-Christine-Bretonnier-1-768x1086.png 768w, https:\/\/acelproductions.com\/wp-content\/uploads\/2024\/10\/Lecture-de-Christine-Bretonnier-1-1086x1536.png 1086w, https:\/\/acelproductions.com\/wp-content\/uploads\/2024\/10\/Lecture-de-Christine-Bretonnier-1-1448x2048.png 1448w, https:\/\/acelproductions.com\/wp-content\/uploads\/2024\/10\/Lecture-de-Christine-Bretonnier-1.png 1587w\" sizes=\"auto, (max-width: 724px) 100vw, 724px\" \/><\/a><\/figure>\n\n\n\n<p><\/p>\n\n\n\n<figure class=\"wp-block-image aligncenter size-full is-resized\"><a href=\"https:\/\/acelproductions.com\/index.php\/marijke-jaehrling-quartet-en-concert-a-rennes-le-28-juin-2024\/\"><img loading=\"lazy\" decoding=\"async\" width=\"800\" height=\"1000\" src=\"http:\/\/acelproductions.com\/wp-content\/uploads\/2024\/07\/1B.jpg\" alt=\"\" class=\"wp-image-347\" style=\"width:305px;height:auto\" srcset=\"https:\/\/acelproductions.com\/wp-content\/uploads\/2024\/07\/1B.jpg 800w, https:\/\/acelproductions.com\/wp-content\/uploads\/2024\/07\/1B-240x300.jpg 240w, https:\/\/acelproductions.com\/wp-content\/uploads\/2024\/07\/1B-768x960.jpg 768w\" sizes=\"auto, (max-width: 800px) 100vw, 800px\" \/><\/a><\/figure>\n\n\n\n<figure class=\"wp-block-image aligncenter size-large is-resized\"><a href=\"https:\/\/acelproductions.com\/index.php\/harold-charre-en-concert-au-baiser-sale-le-28-juin-2024\/\"><img loading=\"lazy\" decoding=\"async\" width=\"1024\" height=\"766\" src=\"https:\/\/acelproductions.com\/wp-content\/uploads\/2024\/12\/IMG_20240628_223446-1024x766.jpg\" alt=\"\" class=\"wp-image-696\" style=\"width:398px;height:auto\" srcset=\"https:\/\/acelproductions.com\/wp-content\/uploads\/2024\/12\/IMG_20240628_223446-1024x766.jpg 1024w, https:\/\/acelproductions.com\/wp-content\/uploads\/2024\/12\/IMG_20240628_223446-300x224.jpg 300w, https:\/\/acelproductions.com\/wp-content\/uploads\/2024\/12\/IMG_20240628_223446-768x575.jpg 768w, https:\/\/acelproductions.com\/wp-content\/uploads\/2024\/12\/IMG_20240628_223446-1536x1149.jpg 1536w, https:\/\/acelproductions.com\/wp-content\/uploads\/2024\/12\/IMG_20240628_223446-2048x1532.jpg 2048w\" sizes=\"auto, (max-width: 1024px) 100vw, 1024px\" \/><\/a><figcaption class=\"wp-element-caption\"><strong>Harold Charre en concert au Baiser Sal\u00e9 le 28 juin 2024<\/strong><\/figcaption><\/figure>\n\n\n\n<figure class=\"wp-block-image aligncenter size-full is-resized\"><a href=\"https:\/\/www.facebook.com\/share\/DHee94ifKVYmeNje\/?mibextid=WC7FNe\" target=\"_blank\" rel=\"noreferrer noopener\"><img loading=\"lazy\" decoding=\"async\" width=\"800\" height=\"1000\" src=\"http:\/\/acelproductions.com\/wp-content\/uploads\/2024\/03\/IMG_1738-2.jpg\" alt=\"\" class=\"wp-image-207\" style=\"width:234px;height:auto\" srcset=\"https:\/\/acelproductions.com\/wp-content\/uploads\/2024\/03\/IMG_1738-2.jpg 800w, https:\/\/acelproductions.com\/wp-content\/uploads\/2024\/03\/IMG_1738-2-240x300.jpg 240w, https:\/\/acelproductions.com\/wp-content\/uploads\/2024\/03\/IMG_1738-2-768x960.jpg 768w\" sizes=\"auto, (max-width: 800px) 100vw, 800px\" \/><\/a><figcaption class=\"wp-element-caption\"><strong><em>Sylvain del Campo en concert au Baiser Sal\u00e9 le 15 juin 2024<\/em><\/strong><\/figcaption><\/figure>\n\n\n\n<figure class=\"wp-block-image size-full\"><a href=\"https:\/\/youtu.be\/zZQz5u6_6tk\" target=\"_blank\" rel=\"noreferrer noopener\"><img loading=\"lazy\" decoding=\"async\" width=\"707\" height=\"1000\" src=\"https:\/\/acelproductions.com\/wp-content\/uploads\/2024\/05\/GrandTroupeauA3_pagelight.jpg\" alt=\"\" class=\"wp-image-288\" srcset=\"https:\/\/acelproductions.com\/wp-content\/uploads\/2024\/05\/GrandTroupeauA3_pagelight.jpg 707w, https:\/\/acelproductions.com\/wp-content\/uploads\/2024\/05\/GrandTroupeauA3_pagelight-212x300.jpg 212w\" sizes=\"auto, (max-width: 707px) 100vw, 707px\" \/><\/a><\/figure>\n\n\n\n<div class=\"wp-block-cover\"><img loading=\"lazy\" decoding=\"async\" width=\"461\" height=\"1024\" class=\"wp-block-cover__image-background wp-image-261\" alt=\"\" src=\"https:\/\/acelproductions.com\/wp-content\/uploads\/2024\/05\/IMG_20240504_193016-461x1024.jpg\" data-object-fit=\"cover\" srcset=\"https:\/\/acelproductions.com\/wp-content\/uploads\/2024\/05\/IMG_20240504_193016-461x1024.jpg 461w, https:\/\/acelproductions.com\/wp-content\/uploads\/2024\/05\/IMG_20240504_193016-135x300.jpg 135w, https:\/\/acelproductions.com\/wp-content\/uploads\/2024\/05\/IMG_20240504_193016-768x1707.jpg 768w, https:\/\/acelproductions.com\/wp-content\/uploads\/2024\/05\/IMG_20240504_193016-691x1536.jpg 691w, https:\/\/acelproductions.com\/wp-content\/uploads\/2024\/05\/IMG_20240504_193016-922x2048.jpg 922w, https:\/\/acelproductions.com\/wp-content\/uploads\/2024\/05\/IMG_20240504_193016-scaled.jpg 1152w\" sizes=\"auto, (max-width: 461px) 100vw, 461px\" \/><span aria-hidden=\"true\" class=\"wp-block-cover__background has-background-dim\"><\/span><div class=\"wp-block-cover__inner-container is-layout-flow wp-block-cover-is-layout-flow\">\n<p class=\"has-text-align-center has-large-font-size\"><\/p>\n<\/div><\/div>\n\n\n\n<p class=\"has-text-align-center\"><a href=\"https:\/\/acelproductions.com\/index.php\/evenement-de-sortie-des-signes-au-loin-de-jean-baptiste-favory-au-klub-le-4-mai-2024\/\">\u00c9v\u00e9nement de sortie des \u00ab\u00a0Signes au Loin\u00a0\u00bb de Jean-Baptiste Favory le 4 mai 2024 au Klub<\/a><\/p>\n\n\n\n<figure class=\"wp-block-gallery has-nested-images columns-default is-cropped wp-block-gallery-2 is-layout-flex wp-block-gallery-is-layout-flex\">\n<figure class=\"wp-block-image size-large\"><a href=\"https:\/\/www.youtube.com\/watch?v=z6ZF2Kr_wG0&amp;t=11s\" target=\"_blank\" rel=\"noreferrer noopener\"><img loading=\"lazy\" decoding=\"async\" width=\"1024\" height=\"341\" data-id=\"114\" src=\"https:\/\/acelproductions.com\/wp-content\/uploads\/2023\/12\/4-Fine-terre-Flyer-2-bandeau-1024x341.png\" alt=\"\" class=\"wp-image-114\" srcset=\"https:\/\/acelproductions.com\/wp-content\/uploads\/2023\/12\/4-Fine-terre-Flyer-2-bandeau-1024x341.png 1024w, https:\/\/acelproductions.com\/wp-content\/uploads\/2023\/12\/4-Fine-terre-Flyer-2-bandeau-300x100.png 300w, https:\/\/acelproductions.com\/wp-content\/uploads\/2023\/12\/4-Fine-terre-Flyer-2-bandeau-768x256.png 768w, https:\/\/acelproductions.com\/wp-content\/uploads\/2023\/12\/4-Fine-terre-Flyer-2-bandeau-1536x512.png 1536w, https:\/\/acelproductions.com\/wp-content\/uploads\/2023\/12\/4-Fine-terre-Flyer-2-bandeau.png 1800w\" sizes=\"auto, (max-width: 1024px) 100vw, 1024px\" \/><\/a><\/figure>\n<\/figure>\n\n\n\n<figure class=\"wp-block-gallery has-nested-images columns-default is-cropped wp-block-gallery-3 is-layout-flex wp-block-gallery-is-layout-flex\">\n<figure class=\"wp-block-image size-large\"><img loading=\"lazy\" decoding=\"async\" width=\"731\" height=\"1024\" data-id=\"126\" src=\"https:\/\/acelproductions.com\/wp-content\/uploads\/2023\/12\/MUZIKALEPH-07.12.23-WE-SHARE-MUSIC-page-001-731x1024.jpg\" alt=\"\" class=\"wp-image-126\" srcset=\"https:\/\/acelproductions.com\/wp-content\/uploads\/2023\/12\/MUZIKALEPH-07.12.23-WE-SHARE-MUSIC-page-001-731x1024.jpg 731w, https:\/\/acelproductions.com\/wp-content\/uploads\/2023\/12\/MUZIKALEPH-07.12.23-WE-SHARE-MUSIC-page-001-214x300.jpg 214w, https:\/\/acelproductions.com\/wp-content\/uploads\/2023\/12\/MUZIKALEPH-07.12.23-WE-SHARE-MUSIC-page-001-768x1076.jpg 768w, https:\/\/acelproductions.com\/wp-content\/uploads\/2023\/12\/MUZIKALEPH-07.12.23-WE-SHARE-MUSIC-page-001-1097x1536.jpg 1097w, https:\/\/acelproductions.com\/wp-content\/uploads\/2023\/12\/MUZIKALEPH-07.12.23-WE-SHARE-MUSIC-page-001-1462x2048.jpg 1462w, https:\/\/acelproductions.com\/wp-content\/uploads\/2023\/12\/MUZIKALEPH-07.12.23-WE-SHARE-MUSIC-page-001-scaled.jpg 1828w\" sizes=\"auto, (max-width: 731px) 100vw, 731px\" \/><\/figure>\n\n\n\n<figure class=\"wp-block-image size-large\"><img loading=\"lazy\" decoding=\"async\" width=\"683\" height=\"1024\" data-id=\"128\" src=\"https:\/\/acelproductions.com\/wp-content\/uploads\/2023\/12\/flyer-seffer-683x1024.jpg\" alt=\"\" class=\"wp-image-128\" srcset=\"https:\/\/acelproductions.com\/wp-content\/uploads\/2023\/12\/flyer-seffer-683x1024.jpg 683w, https:\/\/acelproductions.com\/wp-content\/uploads\/2023\/12\/flyer-seffer-200x300.jpg 200w, https:\/\/acelproductions.com\/wp-content\/uploads\/2023\/12\/flyer-seffer-768x1152.jpg 768w, https:\/\/acelproductions.com\/wp-content\/uploads\/2023\/12\/flyer-seffer-1024x1536.jpg 1024w, https:\/\/acelproductions.com\/wp-content\/uploads\/2023\/12\/flyer-seffer.jpg 1180w\" sizes=\"auto, (max-width: 683px) 100vw, 683px\" \/><\/figure>\n\n\n\n<figure class=\"wp-block-image size-large\"><a href=\"https:\/\/acelproductions.com\/index.php\/concert-de-yochko-seffer-du-8-decembre-2023-au-triton\/\"><img loading=\"lazy\" decoding=\"async\" width=\"680\" height=\"1020\" data-id=\"129\" src=\"https:\/\/acelproductions.com\/wp-content\/uploads\/2023\/12\/2023-12-08-YOCHKO-SEFFER-.jpg\" alt=\"\" class=\"wp-image-129\" srcset=\"https:\/\/acelproductions.com\/wp-content\/uploads\/2023\/12\/2023-12-08-YOCHKO-SEFFER-.jpg 680w, https:\/\/acelproductions.com\/wp-content\/uploads\/2023\/12\/2023-12-08-YOCHKO-SEFFER--200x300.jpg 200w\" sizes=\"auto, (max-width: 680px) 100vw, 680px\" \/><\/a><\/figure>\n<\/figure>\n\n\n\n<figure class=\"wp-block-image size-large\"><a href=\"https:\/\/acelproductions.com\/index.php\/ad-vitam-au-triton-le-22-avril-2023\/\"><img loading=\"lazy\" decoding=\"async\" width=\"1024\" height=\"481\" src=\"https:\/\/acelproductions.com\/wp-content\/uploads\/2024\/11\/AD-VITAM_TRITON_SYLVIE1REC-1024x481.jpg\" alt=\"\" class=\"wp-image-582\" srcset=\"https:\/\/acelproductions.com\/wp-content\/uploads\/2024\/11\/AD-VITAM_TRITON_SYLVIE1REC-1024x481.jpg 1024w, https:\/\/acelproductions.com\/wp-content\/uploads\/2024\/11\/AD-VITAM_TRITON_SYLVIE1REC-300x141.jpg 300w, https:\/\/acelproductions.com\/wp-content\/uploads\/2024\/11\/AD-VITAM_TRITON_SYLVIE1REC-768x361.jpg 768w, https:\/\/acelproductions.com\/wp-content\/uploads\/2024\/11\/AD-VITAM_TRITON_SYLVIE1REC-1536x722.jpg 1536w, https:\/\/acelproductions.com\/wp-content\/uploads\/2024\/11\/AD-VITAM_TRITON_SYLVIE1REC-2048x963.jpg 2048w\" sizes=\"auto, (max-width: 1024px) 100vw, 1024px\" \/><\/a><figcaption class=\"wp-element-caption\"><strong>                                                                Ad Vitam au Triton le 22 avril 2023<\/strong><\/figcaption><\/figure>\n\n\n\n<figure class=\"wp-block-gallery has-nested-images columns-default is-cropped wp-block-gallery-4 is-layout-flex wp-block-gallery-is-layout-flex\">\n<figure class=\"wp-block-image size-large\"><a href=\"https:\/\/acelproductions.com\/artist_ad vitam.html\"><img loading=\"lazy\" decoding=\"async\" width=\"724\" height=\"1024\" data-id=\"130\" src=\"https:\/\/acelproductions.com\/wp-content\/uploads\/2023\/12\/AFFICHE-AD-VITAM20231123.jpeg\" alt=\"\" class=\"wp-image-130\" srcset=\"https:\/\/acelproductions.com\/wp-content\/uploads\/2023\/12\/AFFICHE-AD-VITAM20231123.jpeg 724w, https:\/\/acelproductions.com\/wp-content\/uploads\/2023\/12\/AFFICHE-AD-VITAM20231123-212x300.jpeg 212w\" sizes=\"auto, (max-width: 724px) 100vw, 724px\" \/><\/a><\/figure>\n\n\n\n<figure class=\"wp-block-image size-large\"><a href=\"https:\/\/acelproductions.com\/index.php\/ad-vitam-au-theatre-aleph-le-28-octobre-2023\/\"><img loading=\"lazy\" decoding=\"async\" width=\"724\" height=\"1024\" data-id=\"131\" src=\"https:\/\/acelproductions.com\/wp-content\/uploads\/2023\/12\/AFFICHE-ALEPH20231028_PMS-724x1024.jpg\" alt=\"\" class=\"wp-image-131\" srcset=\"https:\/\/acelproductions.com\/wp-content\/uploads\/2023\/12\/AFFICHE-ALEPH20231028_PMS-724x1024.jpg 724w, https:\/\/acelproductions.com\/wp-content\/uploads\/2023\/12\/AFFICHE-ALEPH20231028_PMS-212x300.jpg 212w, https:\/\/acelproductions.com\/wp-content\/uploads\/2023\/12\/AFFICHE-ALEPH20231028_PMS-768x1086.jpg 768w, https:\/\/acelproductions.com\/wp-content\/uploads\/2023\/12\/AFFICHE-ALEPH20231028_PMS-1086x1536.jpg 1086w, https:\/\/acelproductions.com\/wp-content\/uploads\/2023\/12\/AFFICHE-ALEPH20231028_PMS-1448x2048.jpg 1448w, https:\/\/acelproductions.com\/wp-content\/uploads\/2023\/12\/AFFICHE-ALEPH20231028_PMS.jpg 1754w\" sizes=\"auto, (max-width: 724px) 100vw, 724px\" \/><\/a><\/figure>\n\n\n\n<figure class=\"wp-block-image size-large\"><a href=\"https:\/\/acelproductions.com\/artist_ad vitam.html\"><img loading=\"lazy\" decoding=\"async\" width=\"724\" height=\"1024\" data-id=\"132\" src=\"https:\/\/acelproductions.com\/wp-content\/uploads\/2023\/12\/FLYER_METROPOLITAN-724x1024.jpg\" alt=\"\" class=\"wp-image-132\" srcset=\"https:\/\/acelproductions.com\/wp-content\/uploads\/2023\/12\/FLYER_METROPOLITAN-724x1024.jpg 724w, https:\/\/acelproductions.com\/wp-content\/uploads\/2023\/12\/FLYER_METROPOLITAN-212x300.jpg 212w, https:\/\/acelproductions.com\/wp-content\/uploads\/2023\/12\/FLYER_METROPOLITAN-768x1086.jpg 768w, https:\/\/acelproductions.com\/wp-content\/uploads\/2023\/12\/FLYER_METROPOLITAN-1086x1536.jpg 1086w, https:\/\/acelproductions.com\/wp-content\/uploads\/2023\/12\/FLYER_METROPOLITAN.jpg 1131w\" sizes=\"auto, (max-width: 724px) 100vw, 724px\" \/><\/a><\/figure>\n<\/figure>\n\n\n\n<figure class=\"wp-block-gallery has-nested-images columns-default is-cropped wp-block-gallery-5 is-layout-flex wp-block-gallery-is-layout-flex\">\n<figure class=\"wp-block-image size-large\"><img loading=\"lazy\" decoding=\"async\" width=\"724\" height=\"1024\" data-id=\"133\" src=\"https:\/\/acelproductions.com\/wp-content\/uploads\/2023\/12\/A4-LEILA-HAUTE-QUALITE-724x1024.jpg\" alt=\"\" class=\"wp-image-133\" srcset=\"https:\/\/acelproductions.com\/wp-content\/uploads\/2023\/12\/A4-LEILA-HAUTE-QUALITE-724x1024.jpg 724w, https:\/\/acelproductions.com\/wp-content\/uploads\/2023\/12\/A4-LEILA-HAUTE-QUALITE-212x300.jpg 212w, https:\/\/acelproductions.com\/wp-content\/uploads\/2023\/12\/A4-LEILA-HAUTE-QUALITE-768x1086.jpg 768w, https:\/\/acelproductions.com\/wp-content\/uploads\/2023\/12\/A4-LEILA-HAUTE-QUALITE-1086x1536.jpg 1086w, https:\/\/acelproductions.com\/wp-content\/uploads\/2023\/12\/A4-LEILA-HAUTE-QUALITE.jpg 1414w\" sizes=\"auto, (max-width: 724px) 100vw, 724px\" \/><\/figure>\n\n\n\n<figure class=\"wp-block-image size-large\"><img loading=\"lazy\" decoding=\"async\" width=\"724\" height=\"1024\" data-id=\"134\" src=\"https:\/\/acelproductions.com\/wp-content\/uploads\/2023\/12\/MARIJKE_AFFICHE20231208_page-0002-724x1024.jpg\" alt=\"\" class=\"wp-image-134\" srcset=\"https:\/\/acelproductions.com\/wp-content\/uploads\/2023\/12\/MARIJKE_AFFICHE20231208_page-0002-724x1024.jpg 724w, https:\/\/acelproductions.com\/wp-content\/uploads\/2023\/12\/MARIJKE_AFFICHE20231208_page-0002-212x300.jpg 212w, https:\/\/acelproductions.com\/wp-content\/uploads\/2023\/12\/MARIJKE_AFFICHE20231208_page-0002-768x1086.jpg 768w, https:\/\/acelproductions.com\/wp-content\/uploads\/2023\/12\/MARIJKE_AFFICHE20231208_page-0002-1086x1536.jpg 1086w, https:\/\/acelproductions.com\/wp-content\/uploads\/2023\/12\/MARIJKE_AFFICHE20231208_page-0002-1448x2048.jpg 1448w, https:\/\/acelproductions.com\/wp-content\/uploads\/2023\/12\/MARIJKE_AFFICHE20231208_page-0002.jpg 1754w\" sizes=\"auto, (max-width: 724px) 100vw, 724px\" \/><\/figure>\n\n\n\n<figure class=\"wp-block-image size-large\"><a href=\"https:\/\/acelproductions.com\/index.php\/marijke-jaehrling-en-concert-le-14-mars-2024-au-theatre-aleph-divry-sur-seine\/\" target=\"_blank\" rel=\"noreferrer noopener\"><img loading=\"lazy\" decoding=\"async\" width=\"724\" height=\"1024\" data-id=\"235\" src=\"https:\/\/acelproductions.com\/wp-content\/uploads\/2024\/04\/MARIJKE_AFFICHE20240314-724x1024.jpg\" alt=\"\" class=\"wp-image-235\" srcset=\"https:\/\/acelproductions.com\/wp-content\/uploads\/2024\/04\/MARIJKE_AFFICHE20240314-724x1024.jpg 724w, https:\/\/acelproductions.com\/wp-content\/uploads\/2024\/04\/MARIJKE_AFFICHE20240314-212x300.jpg 212w, https:\/\/acelproductions.com\/wp-content\/uploads\/2024\/04\/MARIJKE_AFFICHE20240314-768x1086.jpg 768w, https:\/\/acelproductions.com\/wp-content\/uploads\/2024\/04\/MARIJKE_AFFICHE20240314-1086x1536.jpg 1086w, https:\/\/acelproductions.com\/wp-content\/uploads\/2024\/04\/MARIJKE_AFFICHE20240314-1448x2048.jpg 1448w, https:\/\/acelproductions.com\/wp-content\/uploads\/2024\/04\/MARIJKE_AFFICHE20240314.jpg 1754w\" sizes=\"auto, (max-width: 724px) 100vw, 724px\" \/><\/a><\/figure>\n<\/figure>\n\n\n\n<figure class=\"wp-block-gallery has-nested-images columns-default is-cropped wp-block-gallery-6 is-layout-flex wp-block-gallery-is-layout-flex\">\n<figure class=\"wp-block-image size-large\"><a href=\"https:\/\/acelproductions.com\/index.php\/yochko-seffer-red-misticum-au-lavoir-moderne-parisien-en-octobre-2010\/\"><img loading=\"lazy\" decoding=\"async\" width=\"724\" height=\"1024\" data-id=\"480\" src=\"https:\/\/acelproductions.com\/wp-content\/uploads\/2024\/10\/AFFICHE_page-0001-724x1024.jpg\" alt=\"\" class=\"wp-image-480\" srcset=\"https:\/\/acelproductions.com\/wp-content\/uploads\/2024\/10\/AFFICHE_page-0001-724x1024.jpg 724w, https:\/\/acelproductions.com\/wp-content\/uploads\/2024\/10\/AFFICHE_page-0001-212x300.jpg 212w, https:\/\/acelproductions.com\/wp-content\/uploads\/2024\/10\/AFFICHE_page-0001-768x1087.jpg 768w, https:\/\/acelproductions.com\/wp-content\/uploads\/2024\/10\/AFFICHE_page-0001-1085x1536.jpg 1085w, https:\/\/acelproductions.com\/wp-content\/uploads\/2024\/10\/AFFICHE_page-0001.jpg 1240w\" sizes=\"auto, (max-width: 724px) 100vw, 724px\" \/><\/a><\/figure>\n\n\n\n<figure class=\"wp-block-image size-large\"><img loading=\"lazy\" decoding=\"async\" width=\"724\" height=\"1024\" data-id=\"482\" src=\"https:\/\/acelproductions.com\/wp-content\/uploads\/2024\/10\/AFFICHE_RAS-724x1024.jpg\" alt=\"\" class=\"wp-image-482\" srcset=\"https:\/\/acelproductions.com\/wp-content\/uploads\/2024\/10\/AFFICHE_RAS-724x1024.jpg 724w, https:\/\/acelproductions.com\/wp-content\/uploads\/2024\/10\/AFFICHE_RAS-212x300.jpg 212w, https:\/\/acelproductions.com\/wp-content\/uploads\/2024\/10\/AFFICHE_RAS-768x1086.jpg 768w, https:\/\/acelproductions.com\/wp-content\/uploads\/2024\/10\/AFFICHE_RAS-1086x1536.jpg 1086w, https:\/\/acelproductions.com\/wp-content\/uploads\/2024\/10\/AFFICHE_RAS-1448x2048.jpg 1448w, https:\/\/acelproductions.com\/wp-content\/uploads\/2024\/10\/AFFICHE_RAS-scaled.jpg 1810w\" sizes=\"auto, (max-width: 724px) 100vw, 724px\" \/><\/figure>\n<\/figure>\n\n\n\n<figure class=\"wp-block-gallery has-nested-images columns-default is-cropped wp-block-gallery-7 is-layout-flex wp-block-gallery-is-layout-flex\">\n<figure class=\"wp-block-image size-large\"><img loading=\"lazy\" decoding=\"async\" width=\"1024\" height=\"682\" data-id=\"483\" src=\"https:\/\/acelproductions.com\/wp-content\/uploads\/2024\/10\/image_2.jpg\" alt=\"\" class=\"wp-image-483\" srcset=\"https:\/\/acelproductions.com\/wp-content\/uploads\/2024\/10\/image_2.jpg 1024w, https:\/\/acelproductions.com\/wp-content\/uploads\/2024\/10\/image_2-300x200.jpg 300w, https:\/\/acelproductions.com\/wp-content\/uploads\/2024\/10\/image_2-768x512.jpg 768w\" sizes=\"auto, (max-width: 1024px) 100vw, 1024px\" \/><\/figure>\n<\/figure>\n\n\n\n<figure class=\"wp-block-gallery has-nested-images columns-default is-cropped wp-block-gallery-8 is-layout-flex wp-block-gallery-is-layout-flex\">\n<figure class=\"wp-block-image size-large\"><img loading=\"lazy\" decoding=\"async\" width=\"1024\" height=\"671\" data-id=\"485\" src=\"https:\/\/acelproductions.com\/wp-content\/uploads\/2024\/10\/visuel-1024x671.jpg\" alt=\"\" class=\"wp-image-485\" srcset=\"https:\/\/acelproductions.com\/wp-content\/uploads\/2024\/10\/visuel-1024x671.jpg 1024w, https:\/\/acelproductions.com\/wp-content\/uploads\/2024\/10\/visuel-300x197.jpg 300w, https:\/\/acelproductions.com\/wp-content\/uploads\/2024\/10\/visuel-768x503.jpg 768w, https:\/\/acelproductions.com\/wp-content\/uploads\/2024\/10\/visuel-1536x1007.jpg 1536w, https:\/\/acelproductions.com\/wp-content\/uploads\/2024\/10\/visuel-2048x1342.jpg 2048w\" sizes=\"auto, (max-width: 1024px) 100vw, 1024px\" \/><\/figure>\n\n\n\n<figure class=\"wp-block-image size-large\"><img loading=\"lazy\" decoding=\"async\" width=\"1024\" height=\"671\" data-id=\"484\" src=\"https:\/\/acelproductions.com\/wp-content\/uploads\/2024\/10\/AFFICHE-1024x671.jpg\" alt=\"\" class=\"wp-image-484\" srcset=\"https:\/\/acelproductions.com\/wp-content\/uploads\/2024\/10\/AFFICHE-1024x671.jpg 1024w, https:\/\/acelproductions.com\/wp-content\/uploads\/2024\/10\/AFFICHE-300x197.jpg 300w, https:\/\/acelproductions.com\/wp-content\/uploads\/2024\/10\/AFFICHE-768x503.jpg 768w, https:\/\/acelproductions.com\/wp-content\/uploads\/2024\/10\/AFFICHE-1536x1007.jpg 1536w, https:\/\/acelproductions.com\/wp-content\/uploads\/2024\/10\/AFFICHE-2048x1342.jpg 2048w\" sizes=\"auto, (max-width: 1024px) 100vw, 1024px\" \/><\/figure>\n<\/figure>\n\n\n\n<figure class=\"wp-block-gallery has-nested-images columns-default is-cropped wp-block-gallery-9 is-layout-flex wp-block-gallery-is-layout-flex\">\n<figure class=\"wp-block-image size-large\"><img loading=\"lazy\" decoding=\"async\" width=\"683\" height=\"1024\" data-id=\"487\" src=\"https:\/\/acelproductions.com\/wp-content\/uploads\/2024\/10\/FLYER_TRITON20220408-683x1024.jpg\" alt=\"\" class=\"wp-image-487\" srcset=\"https:\/\/acelproductions.com\/wp-content\/uploads\/2024\/10\/FLYER_TRITON20220408-683x1024.jpg 683w, https:\/\/acelproductions.com\/wp-content\/uploads\/2024\/10\/FLYER_TRITON20220408-200x300.jpg 200w, https:\/\/acelproductions.com\/wp-content\/uploads\/2024\/10\/FLYER_TRITON20220408.jpg 696w\" sizes=\"auto, (max-width: 683px) 100vw, 683px\" \/><\/figure>\n\n\n\n<figure class=\"wp-block-image size-large\"><a href=\"https:\/\/www.youtube.com\/watch?v=q24BL05yheM&amp;list=PL0kS3mqUcgsaUYjL0vtfwmwHstdtmALlc&amp;index=48\" target=\"_blank\" rel=\"noreferrer noopener\"><img loading=\"lazy\" decoding=\"async\" width=\"726\" height=\"1024\" data-id=\"513\" src=\"https:\/\/acelproductions.com\/wp-content\/uploads\/2024\/10\/48b94247-2141-4ad5-9c75-442828ea6412-726x1024.jpeg\" alt=\"\" class=\"wp-image-513\" srcset=\"https:\/\/acelproductions.com\/wp-content\/uploads\/2024\/10\/48b94247-2141-4ad5-9c75-442828ea6412-726x1024.jpeg 726w, https:\/\/acelproductions.com\/wp-content\/uploads\/2024\/10\/48b94247-2141-4ad5-9c75-442828ea6412-213x300.jpeg 213w, https:\/\/acelproductions.com\/wp-content\/uploads\/2024\/10\/48b94247-2141-4ad5-9c75-442828ea6412-768x1083.jpeg 768w, https:\/\/acelproductions.com\/wp-content\/uploads\/2024\/10\/48b94247-2141-4ad5-9c75-442828ea6412-1090x1536.jpeg 1090w, https:\/\/acelproductions.com\/wp-content\/uploads\/2024\/10\/48b94247-2141-4ad5-9c75-442828ea6412.jpeg 1240w\" sizes=\"auto, (max-width: 726px) 100vw, 726px\" \/><\/a><\/figure>\n<\/figure>\n\n\n\n<figure class=\"wp-block-image size-large\"><a href=\"https:\/\/acelproductions.com\/index.php\/concert-rencontres-electriques-au-99-en-mouvement-le-29-avril-2015\/\"><img loading=\"lazy\" decoding=\"async\" width=\"1024\" height=\"768\" src=\"https:\/\/acelproductions.com\/wp-content\/uploads\/2024\/10\/Photo4211-1024x768.jpg\" alt=\"\" class=\"wp-image-519\" srcset=\"https:\/\/acelproductions.com\/wp-content\/uploads\/2024\/10\/Photo4211-1024x768.jpg 1024w, https:\/\/acelproductions.com\/wp-content\/uploads\/2024\/10\/Photo4211-300x225.jpg 300w, https:\/\/acelproductions.com\/wp-content\/uploads\/2024\/10\/Photo4211-768x576.jpg 768w, https:\/\/acelproductions.com\/wp-content\/uploads\/2024\/10\/Photo4211-1536x1152.jpg 1536w, https:\/\/acelproductions.com\/wp-content\/uploads\/2024\/10\/Photo4211-2048x1536.jpg 2048w\" sizes=\"auto, (max-width: 1024px) 100vw, 1024px\" \/><\/a><figcaption class=\"wp-element-caption\">Concert Rencontres Electriques au 99 en mouvement le 29 avril 2015<\/figcaption><\/figure>\n\n\n\n<figure class=\"wp-block-gallery has-nested-images columns-default is-cropped wp-block-gallery-10 is-layout-flex wp-block-gallery-is-layout-flex\">\n<figure class=\"wp-block-image size-large\"><img loading=\"lazy\" decoding=\"async\" width=\"724\" height=\"1024\" data-id=\"571\" src=\"https:\/\/acelproductions.com\/wp-content\/uploads\/2024\/11\/AFFICHE_page-0001-724x1024.jpg\" alt=\"\" class=\"wp-image-571\" srcset=\"https:\/\/acelproductions.com\/wp-content\/uploads\/2024\/11\/AFFICHE_page-0001-724x1024.jpg 724w, https:\/\/acelproductions.com\/wp-content\/uploads\/2024\/11\/AFFICHE_page-0001-212x300.jpg 212w, https:\/\/acelproductions.com\/wp-content\/uploads\/2024\/11\/AFFICHE_page-0001-768x1086.jpg 768w, https:\/\/acelproductions.com\/wp-content\/uploads\/2024\/11\/AFFICHE_page-0001-1086x1536.jpg 1086w, https:\/\/acelproductions.com\/wp-content\/uploads\/2024\/11\/AFFICHE_page-0001-1448x2048.jpg 1448w, https:\/\/acelproductions.com\/wp-content\/uploads\/2024\/11\/AFFICHE_page-0001.jpg 1754w\" sizes=\"auto, (max-width: 724px) 100vw, 724px\" \/><\/figure>\n\n\n\n<figure class=\"wp-block-image size-large\"><img loading=\"lazy\" decoding=\"async\" width=\"724\" height=\"1024\" data-id=\"573\" src=\"https:\/\/acelproductions.com\/wp-content\/uploads\/2024\/11\/AFFICHE_Theatre_St_Louis_page-0001-724x1024.jpg\" alt=\"\" class=\"wp-image-573\" srcset=\"https:\/\/acelproductions.com\/wp-content\/uploads\/2024\/11\/AFFICHE_Theatre_St_Louis_page-0001-724x1024.jpg 724w, https:\/\/acelproductions.com\/wp-content\/uploads\/2024\/11\/AFFICHE_Theatre_St_Louis_page-0001-212x300.jpg 212w, https:\/\/acelproductions.com\/wp-content\/uploads\/2024\/11\/AFFICHE_Theatre_St_Louis_page-0001-768x1086.jpg 768w, https:\/\/acelproductions.com\/wp-content\/uploads\/2024\/11\/AFFICHE_Theatre_St_Louis_page-0001-1086x1536.jpg 1086w, https:\/\/acelproductions.com\/wp-content\/uploads\/2024\/11\/AFFICHE_Theatre_St_Louis_page-0001-1448x2048.jpg 1448w, https:\/\/acelproductions.com\/wp-content\/uploads\/2024\/11\/AFFICHE_Theatre_St_Louis_page-0001.jpg 1754w\" sizes=\"auto, (max-width: 724px) 100vw, 724px\" \/><\/figure>\n<\/figure>\n","protected":false},"excerpt":{"rendered":"<p>Cliquez sur les images pour aller plus loin&#8230; \u00c9v\u00e9nement de sortie des \u00ab\u00a0Signes au Loin\u00a0\u00bb de Jean-Baptiste Favory le 4 mai 2024 au Klub<\/p>\n","protected":false},"author":1,"featured_media":0,"parent":0,"menu_order":0,"comment_status":"closed","ping_status":"closed","template":"","meta":{"footnotes":""},"class_list":["post-112","page","type-page","status-publish","hentry"],"_links":{"self":[{"href":"https:\/\/acelproductions.com\/index.php\/wp-json\/wp\/v2\/pages\/112","targetHints":{"allow":["GET"]}}],"collection":[{"href":"https:\/\/acelproductions.com\/index.php\/wp-json\/wp\/v2\/pages"}],"about":[{"href":"https:\/\/acelproductions.com\/index.php\/wp-json\/wp\/v2\/types\/page"}],"author":[{"embeddable":true,"href":"https:\/\/acelproductions.com\/index.php\/wp-json\/wp\/v2\/users\/1"}],"replies":[{"embeddable":true,"href":"https:\/\/acelproductions.com\/index.php\/wp-json\/wp\/v2\/comments?post=112"}],"version-history":[{"count":78,"href":"https:\/\/acelproductions.com\/index.php\/wp-json\/wp\/v2\/pages\/112\/revisions"}],"predecessor-version":[{"id":1259,"href":"https:\/\/acelproductions.com\/index.php\/wp-json\/wp\/v2\/pages\/112\/revisions\/1259"}],"wp:attachment":[{"href":"https:\/\/acelproductions.com\/index.php\/wp-json\/wp\/v2\/media?parent=112"}],"curies":[{"name":"wp","href":"https:\/\/api.w.org\/{rel}","templated":true}]}}